{"id":1207,"date":"2016-03-10T13:15:37","date_gmt":"2016-03-10T12:15:37","guid":{"rendered":"http:\/\/localhost:81\/wordpress\/?page_id=1187"},"modified":"2017-06-09T08:44:51","modified_gmt":"2017-06-09T07:44:51","slug":"dt-podo-3","status":"publish","type":"page","link":"https:\/\/lyceedalembert.paris\/index.php\/dt-podo-3\/","title":{"rendered":"DT Podo-Orth\u00e9siste"},"content":{"rendered":"<div class=\"su-youtube su-u-responsive-media-yes\"><iframe loading=\"lazy\" width=\"600\" height=\"400\" src=\"https:\/\/www.youtube.com\/embed\/bnXeL17ZeJ0?\" frameborder=\"0\" allowfullscreen allow=\"autoplay; encrypted-media; picture-in-picture\" title=\"\"><\/iframe><\/div>\n<div id=\"su_carousel_69f3d8e3d0dac\" class=\"su-carousel su-carousel-centered su-carousel-pages-no su-carousel-responsive-yes\" style=\"width:100%\" data-autoplay=\"3000\" data-speed=\"600\" data-mousewheel=\"true\" data-items=\"1\" data-scroll=\"1\"><div class=\"su-carousel-slides\"><div class=\"su-carousel-slide\"><a><img decoding=\"async\" src=\"https:\/\/lyceedalembert.paris\/wp-content\/uploads\/2017\/06\/1-2-682x450.jpg\" alt=\"Lyc\u008ee Polyvalent d&rsquo;Alembert &#8211; 75019 Paris &#8211; formation\" \/><\/a><\/div><div class=\"su-carousel-slide\"><a><img decoding=\"async\" src=\"https:\/\/lyceedalembert.paris\/wp-content\/uploads\/2017\/06\/2-2-682x450.jpg\" alt=\"Lyc\u008ee Polyvalent d&rsquo;Alembert &#8211; 75019 Paris &#8211; formation\" \/><\/a><\/div><div class=\"su-carousel-slide\"><a><img decoding=\"async\" src=\"https:\/\/lyceedalembert.paris\/wp-content\/uploads\/2017\/06\/BD_F-Stijepovic_DSCadre_9091_DxO-682x450.jpg\" alt=\"Lyc\u008ee Polyvalent d&rsquo;Alembert &#8211; 75019 Paris &#8211; formation\" \/><\/a><\/div><div class=\"su-carousel-slide\"><a><img decoding=\"async\" src=\"https:\/\/lyceedalembert.paris\/wp-content\/uploads\/2017\/06\/BD_F-Stijepovic_DSCadre_9097_DxO-682x450.jpg\" alt=\"Lyc\u008ee Polyvalent d&rsquo;Alembert &#8211; 75019 Paris &#8211; formation\" \/><\/a><\/div><div class=\"su-carousel-slide\"><a><img decoding=\"async\" src=\"https:\/\/lyceedalembert.paris\/wp-content\/uploads\/2017\/06\/BD_F-Stijepovic_DSCadre_9072_DxO-682x450.jpg\" alt=\"Lyc\u008ee Polyvalent d&rsquo;Alembert &#8211; 75019 Paris &#8211; formation\" \/><\/a><\/div><div class=\"su-carousel-slide\"><a><img decoding=\"async\" src=\"https:\/\/lyceedalembert.paris\/wp-content\/uploads\/2017\/06\/BD_F-Stijepovic_DSCadre_9101_DxO-682x450.jpg\" alt=\"Lyc\u008ee Polyvalent d&rsquo;Alembert &#8211; 75019 Paris &#8211; formation\" \/><\/a><\/div><div class=\"su-carousel-slide\"><a><img decoding=\"async\" src=\"https:\/\/lyceedalembert.paris\/wp-content\/uploads\/2017\/06\/BD_F-Stijepovic_DSCadre_9102_DxO-682x450.jpg\" alt=\"Lyc\u008ee Polyvalent d&rsquo;Alembert &#8211; 75019 Paris &#8211; formation\" \/><\/a><\/div><div class=\"su-carousel-slide\"><a><img decoding=\"async\" src=\"https:\/\/lyceedalembert.paris\/wp-content\/uploads\/2017\/06\/BD_F-Stijepovic_DSCadre_9103_DxO-682x450.jpg\" alt=\"BD_F Stijepovic_DSCadre_9103_DxO\" \/><\/a><\/div><div class=\"su-carousel-slide\"><a><img decoding=\"async\" src=\"https:\/\/lyceedalembert.paris\/wp-content\/uploads\/2017\/06\/BD_F-Stijepovic_DSCadre_9212_DxO-682x450.jpg\" alt=\"Lyc\u008ee Polyvalent d&rsquo;Alembert &#8211; 75019 Paris &#8211; formation\" \/><\/a><\/div><div class=\"su-carousel-slide\"><a><img decoding=\"async\" src=\"https:\/\/lyceedalembert.paris\/wp-content\/uploads\/2017\/06\/BD_F-Stijepovic_DSCadre_9213_DxO-682x450.jpg\" alt=\"Lyc\u008ee Polyvalent d&rsquo;Alembert &#8211; 75019 Paris &#8211; formation\" \/><\/a><\/div><div class=\"su-carousel-slide\"><a><img decoding=\"async\" src=\"https:\/\/lyceedalembert.paris\/wp-content\/uploads\/2017\/06\/BD_F-Stijepovic_DSCadre_9215_DxO-682x450.jpg\" alt=\"Lyc\u008ee Polyvalent d&rsquo;Alembert &#8211; 75019 Paris &#8211; formation\" \/><\/a><\/div><div class=\"su-carousel-slide\"><a><img decoding=\"async\" src=\"https:\/\/lyceedalembert.paris\/wp-content\/uploads\/2017\/06\/BD_F-Stijepovic_DSCadre_9217_DxO-682x450.jpg\" alt=\"Lyc\u008ee Polyvalent d&rsquo;Alembert &#8211; 75019 Paris &#8211; formation\" \/><\/a><\/div><div class=\"su-carousel-slide\"><a><img decoding=\"async\" src=\"https:\/\/lyceedalembert.paris\/wp-content\/uploads\/2017\/06\/BD_F-Stijepovic_DSCadre_9218_DxO-682x450.jpg\" alt=\"Lyc\u008ee Polyvalent d&rsquo;Alembert &#8211; 75019 Paris &#8211; formation\" \/><\/a><\/div><div class=\"su-carousel-slide\"><a><img decoding=\"async\" src=\"https:\/\/lyceedalembert.paris\/wp-content\/uploads\/2017\/06\/BD_F-Stijepovic_DSCadre_9220_DxO-682x450.jpg\" alt=\"Lyc\u008ee Polyvalent d&rsquo;Alembert &#8211; 75019 Paris &#8211; formation\" \/><\/a><\/div><div class=\"su-carousel-slide\"><a><img decoding=\"async\" src=\"https:\/\/lyceedalembert.paris\/wp-content\/uploads\/2017\/06\/BD_F-Stijepovic_DSCadre_9221_DxO-682x450.jpg\" alt=\"Lyc\u008ee Polyvalent d&rsquo;Alembert &#8211; 75019 Paris &#8211; formation\" \/><\/a><\/div><\/div><div class=\"su-carousel-nav\"><div class=\"su-carousel-direction\"><span class=\"su-carousel-prev\"><\/span><span class=\"su-carousel-next\"><\/span><\/div><div class=\"su-carousel-pagination\"><\/div><\/div><\/div>\nLes photos ont \u00e9t\u00e9 prises par la photographe <a href=\"http:\/\/fstijepovic.com\/\"> \u00a9 Fran\u00e7oise Stijepovic<\/a>.<\/p>\n<h3><span style=\"color: #ff9900;\"><strong>Inscription<\/strong><\/span><\/h3>\n<p>Depuis la rentr\u00e9e 2016, transformation du Dipl\u00f4me de technicien en <a href=\"https:\/\/lyceedalembert.paris\/index.php\/tao\/\">BAC PRO Technicien en Appareillage Orthop\u00e9dique<\/a> (TAO)<\/p>\n<h3><span style=\"color: #ff9900;\"><strong>PUBLIC<\/strong><\/span><\/h3>\n<p>Les \u00e9l\u00e8ves sont recrut\u00e9s apr\u00e8s certains CAP comme proth\u00e8se-orth\u00e8se, podo-orth\u00e8se ou \u00e9ventuellement apr\u00e8s une classe de 2nde.<\/p>\n<h3><strong><span style=\"color: #ff9900;\">ACTIVITES \u2013 QUALITES REQUISES<\/span><\/strong><\/h3>\n<p>Vous devez avoir des aptitudes manuelles et le sens de la pr\u00e9cision &#8230;<\/p>\n<p>Le titulaire du DT Podo-Orth\u00e9siste \u00e9volue au sein de l\u2019atelier.<br \/>\nIl g\u00e8re l\u2019organisation des postes de travail et aide \u00e0 la gestion des commandes des mat\u00e9riaux.<br \/>\nIl participe \u00e0 toutes les op\u00e9rations de r\u00e9alisation des appareillages.<\/p>\n<p>Il r\u00e9alise :<\/p>\n<ul>\n<li>Les orth\u00e8ses plantaires<\/li>\n<li>L\u2019adaptation des formes du patient en fonction des mesures<\/li>\n<li>Les orthoproth\u00e8ses et la podologie adapt\u00e9e<\/li>\n<li>Le patronage, la coupe et le montage<\/li>\n<\/ul>\n<h3><span style=\"color: #ff9900;\"><strong>CONTENU DE LA FORMATION<\/strong><\/span><\/h3>\n<p>Les \u00e9tudes durent 2 ans et comportent :<\/p>\n<ul>\n<li>de l\u2019enseignement g\u00e9n\u00e9ral : Fran\u00e7ais, Connaissances du monde contemporain, Anglais, Math\u00e9matiques, Sciences-Physiques, Gestion, Arts appliqu\u00e9s, Education Physique.<\/li>\n<li>de l\u2019enseignement technologique : Technologie, HPS<\/li>\n<li>de l\u2019enseignement pratique<\/li>\n<li>des connaissances m\u00e9dicales<\/li>\n<\/ul>\n<p><strong>(soit 38 heures\/semaine en 1\u00e8re ann\u00e9e et 36 heures\/semaine en 2nde ann\u00e9e)<\/strong><\/p>\n<p><strong><br \/>\n<\/strong>La formation comprend <strong>8 semaines de stage<\/strong> en milieu professionnel, r\u00e9parties sur les deux ann\u00e9es..<strong><br \/>\n<\/strong><\/p>\n<h3><span style=\"color: #ff9900;\"><strong>MODALITES DE CERTIFICATION<\/strong><\/span><\/h3>\n<ul>\n<li>Epreuves ponctuelles en fin de seconde ann\u00e9e.<\/li>\n<\/ul>\n<h3><span style=\"color: #ff9900;\"><strong>DEBOUCHES \u2013 POURSUITE D\u2019ETUDES<\/strong><\/span><\/h3>\n<ul>\n<li>Travail en entreprise<\/li>\n<li>Poursuite vers un BTS Podo-Orth\u00e8se<\/li>\n<\/ul>\n","protected":false},"excerpt":{"rendered":"<p>Les photos ont \u00e9t\u00e9 prises par la photographe \u00a9 Fran\u00e7oise Stijepovic. Inscription Depuis la rentr\u00e9e 2016, transformation du Dipl\u00f4me de technicien en BAC PRO Technicien en Appareillage Orthop\u00e9dique (TAO) PUBLIC Les \u00e9l\u00e8ves sont recrut\u00e9s apr\u00e8s certains CAP comme proth\u00e8se-orth\u00e8se, podo-orth\u00e8se ou \u00e9ventuellement apr\u00e8s une classe de 2nde. ACTIVITES \u2013 QUALITES REQUISES Vous devez avoir des aptitudes manuelles et le sens de la pr\u00e9cision &#8230; Le titulaire du DT Podo-Orth\u00e9siste \u00e9volue au sein de l\u2019atelier. Il g\u00e8re l\u2019organisation des postes de&hellip;<\/p>\n","protected":false},"author":1,"featured_media":0,"parent":0,"menu_order":0,"comment_status":"closed","ping_status":"closed","template":"","meta":{"footnotes":""},"class_list":["post-1207","page","type-page","status-publish","hentry"],"_links":{"self":[{"href":"https:\/\/lyceedalembert.paris\/index.php\/wp-json\/wp\/v2\/pages\/1207","targetHints":{"allow":["GET"]}}],"collection":[{"href":"https:\/\/lyceedalembert.paris\/index.php\/wp-json\/wp\/v2\/pages"}],"about":[{"href":"https:\/\/lyceedalembert.paris\/index.php\/wp-json\/wp\/v2\/types\/page"}],"author":[{"embeddable":true,"href":"https:\/\/lyceedalembert.paris\/index.php\/wp-json\/wp\/v2\/users\/1"}],"replies":[{"embeddable":true,"href":"https:\/\/lyceedalembert.paris\/index.php\/wp-json\/wp\/v2\/comments?post=1207"}],"version-history":[{"count":7,"href":"https:\/\/lyceedalembert.paris\/index.php\/wp-json\/wp\/v2\/pages\/1207\/revisions"}],"predecessor-version":[{"id":1838,"href":"https:\/\/lyceedalembert.paris\/index.php\/wp-json\/wp\/v2\/pages\/1207\/revisions\/1838"}],"wp:attachment":[{"href":"https:\/\/lyceedalembert.paris\/index.php\/wp-json\/wp\/v2\/media?parent=1207"}],"curies":[{"name":"wp","href":"https:\/\/api.w.org\/{rel}","templated":true}]}}